{"id":29,"date":"2024-05-14T09:16:51","date_gmt":"2024-05-14T07:16:51","guid":{"rendered":"http:\/\/www.vanessaguillou.fr\/index.php\/workshops\/"},"modified":"2025-01-09T11:55:47","modified_gmt":"2025-01-09T10:55:47","slug":"workshops","status":"publish","type":"page","link":"https:\/\/www.vanessaguillou.fr\/index.php\/workshops\/","title":{"rendered":"S\u00e9ances en groupe"},"content":{"rendered":"\n<p><\/p>\n\n\n\n<h1 class=\"wp-block-heading\"><strong>Des ateliers pour apprendre et partager<\/strong><\/h1>\n\n\n\n<p>En plus des consultations individuelles, je propose \u00e9galement des ateliers en groupe et des interventions en structure.<\/p>\n\n\n\n<h2 class=\"wp-block-heading\">Ateliers en groupe<\/h2>\n\n\n\n<ul class=\"wp-block-list\">\n<li>2 h<\/li>\n\n\n\n<li>15 \u20ac \/ participant<\/li>\n<\/ul>\n\n\n\n<figure class=\"wp-block-image size-full\"><img fetchpriority=\"high\" decoding=\"async\" width=\"1024\" height=\"1024\" src=\"https:\/\/www.vanessaguillou.fr\/wp-content\/uploads\/2024\/06\/1ca865ad-7058-4024-8190-f37982fb2487.jpg\" alt=\"\" class=\"wp-image-180\" srcset=\"https:\/\/www.vanessaguillou.fr\/wp-content\/uploads\/2024\/06\/1ca865ad-7058-4024-8190-f37982fb2487.jpg 1024w, https:\/\/www.vanessaguillou.fr\/wp-content\/uploads\/2024\/06\/1ca865ad-7058-4024-8190-f37982fb2487-300x300.jpg 300w, https:\/\/www.vanessaguillou.fr\/wp-content\/uploads\/2024\/06\/1ca865ad-7058-4024-8190-f37982fb2487-150x150.jpg 150w, https:\/\/www.vanessaguillou.fr\/wp-content\/uploads\/2024\/06\/1ca865ad-7058-4024-8190-f37982fb2487-768x768.jpg 768w, https:\/\/www.vanessaguillou.fr\/wp-content\/uploads\/2024\/06\/1ca865ad-7058-4024-8190-f37982fb2487-600x600.jpg 600w\" sizes=\"(max-width: 1024px) 100vw, 1024px\" \/><\/figure>\n\n\n\n<p><strong>Les ateliers en groupe<\/strong> vous permettront d&rsquo;aborder des th\u00e9matiques nutritionnelles actuelles, de recevoir des informations fiables et de partager vos exp\u00e9riences avec d&rsquo;autres personnes. Ils peuvent se d\u00e9rouler sous forme de conf\u00e9rences ou de \u00ab\u00a0caf\u00e9s-discussions\u00a0\u00bb pour favoriser un \u00e9change convivial et informel.<\/p>\n\n\n\n<p><\/p>\n\n\n\n<h2 class=\"wp-block-heading\">Ateliers pratiques<\/h2>\n\n\n\n<ul class=\"wp-block-list\">\n<li>2 h\t\t\t\t\t\t\t\t<\/li>\n\n\n\n<li>20 \u20ac \/ participant<\/li>\n<\/ul>\n\n\n<div class=\"wp-block-image\">\n<figure class=\"aligncenter size-full\"><img decoding=\"async\" width=\"736\" height=\"648\" src=\"https:\/\/www.vanessaguillou.fr\/wp-content\/uploads\/2025\/01\/atelier_pratique_web-1.jpg\" alt=\"\" class=\"wp-image-387\" srcset=\"https:\/\/www.vanessaguillou.fr\/wp-content\/uploads\/2025\/01\/atelier_pratique_web-1.jpg 736w, https:\/\/www.vanessaguillou.fr\/wp-content\/uploads\/2025\/01\/atelier_pratique_web-1-300x264.jpg 300w\" sizes=\"(max-width: 736px) 100vw, 736px\" \/><\/figure><\/div>\n\n\n<p><strong>Les ateliers pratiques<\/strong> vous permettront de mettre en application les conseils di\u00e9t\u00e9tiques re\u00e7us et de d\u00e9velopper de nouvelles comp\u00e9tences.<\/p>\n\n\n\n<ul class=\"wp-block-list\">\n<li><strong>Ateliers d\u00e9gustation :<\/strong> Il s\u2019agit d\u2019un atelier de d\u00e9gustation avec la pleine conscience. Il permet de se reconnecter \u00e0 ses sens, son corps, et au plaisir de manger. <br>L&rsquo;objectif principal de cet atelier est de cultiver une attention et une conscience accrues de l&rsquo;instant pr\u00e9sent, en portant une attention particuli\u00e8re \u00e0 chaque aspect de l&rsquo;exp\u00e9rience de d\u00e9gustation. Cela implique d&rsquo;\u00eatre conscient sans jugement de ses pens\u00e9es, de ses \u00e9motions, de ses sensations corporelles et de l&rsquo;environnement qui nous entoure. <\/li>\n\n\n\n<li><strong>Atelier cuisine :<\/strong> Vous mettez en pratique les conseils di\u00e9t\u00e9tiques tout en partageant des moments de convivialit\u00e9. Cet atelier est \u00e9galement l&rsquo;occasion de partager et d&rsquo;\u00e9changer avec d&rsquo;autres participants sur vos parcours et vos r\u00e9ussites.<\/li>\n<\/ul>\n\n\n\n<h2 class=\"wp-block-heading\">Intervention en structure<\/h2>\n\n\n\n<ul class=\"wp-block-list\">\n<li>sur devis<\/li>\n<\/ul>\n\n\n\n<figure class=\"wp-block-image size-full\"><img decoding=\"async\" width=\"1024\" height=\"1024\" src=\"https:\/\/www.vanessaguillou.fr\/wp-content\/uploads\/2024\/06\/a69f1e03-abdb-4531-ada6-cdcbe35467f4.jpg\" alt=\"\" class=\"wp-image-178\" srcset=\"https:\/\/www.vanessaguillou.fr\/wp-content\/uploads\/2024\/06\/a69f1e03-abdb-4531-ada6-cdcbe35467f4.jpg 1024w, https:\/\/www.vanessaguillou.fr\/wp-content\/uploads\/2024\/06\/a69f1e03-abdb-4531-ada6-cdcbe35467f4-300x300.jpg 300w, https:\/\/www.vanessaguillou.fr\/wp-content\/uploads\/2024\/06\/a69f1e03-abdb-4531-ada6-cdcbe35467f4-150x150.jpg 150w, https:\/\/www.vanessaguillou.fr\/wp-content\/uploads\/2024\/06\/a69f1e03-abdb-4531-ada6-cdcbe35467f4-768x768.jpg 768w, https:\/\/www.vanessaguillou.fr\/wp-content\/uploads\/2024\/06\/a69f1e03-abdb-4531-ada6-cdcbe35467f4-600x600.jpg 600w\" sizes=\"(max-width: 1024px) 100vw, 1024px\" \/><\/figure>\n\n\n\n<p><\/p>\n\n\n\n<ul class=\"wp-block-list\">\n<li><strong>Formation des professionnels en entreprise :<\/strong> apporter aux professionnels les connaissances di\u00e9t\u00e9tiques n\u00e9cessaires dans la pratique de leur m\u00e9tier (personnel de cuisine collective, de la petite enfance, ADMR, IDE, aides-soignants).<\/li>\n\n\n\n<li><strong>Intervention dans les \u00e9coles, associations ou institutions : <\/strong>r\u00e9aliser de l\u2019\u00e9ducation \u00e0 la sant\u00e9 sous forme d\u2019ateliers ludiques ou plus th\u00e9oriques selon la demande (pr\u00e9vention sant\u00e9 publique), apporter des informations di\u00e9t\u00e9tiques sur des th\u00e8mes pr\u00e9cis. <\/li>\n<\/ul>\n","protected":false},"excerpt":{"rendered":"<p>Des ateliers pour apprendre et partager En plus des consultations individuelles, je propose \u00e9galement des ateliers en groupe et des interventions en structure. Ateliers en groupe Les ateliers en groupe vous permettront d&rsquo;aborder des th\u00e9matiques nutritionnelles actuelles, de recevoir des informations fiables et de partager vos exp\u00e9riences avec d&rsquo;autres personnes. Ils peuvent se d\u00e9rouler sous [&hellip;]<\/p>\n","protected":false},"author":1,"featured_media":0,"parent":0,"menu_order":0,"comment_status":"closed","ping_status":"closed","template":"elementor_theme","meta":{"ocean_post_layout":"","ocean_both_sidebars_style":"","ocean_both_sidebars_content_width":0,"ocean_both_sidebars_sidebars_width":0,"ocean_sidebar":"","ocean_second_sidebar":"","ocean_disable_margins":"enable","ocean_add_body_class":"","ocean_shortcode_before_top_bar":"","ocean_shortcode_after_top_bar":"","ocean_shortcode_before_header":"","ocean_shortcode_after_header":"","ocean_has_shortcode":"","ocean_shortcode_after_title":"","ocean_shortcode_before_footer_widgets":"","ocean_shortcode_after_footer_widgets":"","ocean_shortcode_before_footer_bottom":"","ocean_shortcode_after_footer_bottom":"","ocean_display_top_bar":"default","ocean_display_header":"default","ocean_header_style":"","ocean_center_header_left_menu":"","ocean_custom_header_template":"","ocean_custom_logo":0,"ocean_custom_retina_logo":0,"ocean_custom_logo_max_width":0,"ocean_custom_logo_tablet_max_width":0,"ocean_custom_logo_mobile_max_width":0,"ocean_custom_logo_max_height":0,"ocean_custom_logo_tablet_max_height":0,"ocean_custom_logo_mobile_max_height":0,"ocean_header_custom_menu":"","ocean_menu_typo_font_family":"","ocean_menu_typo_font_subset":"","ocean_menu_typo_font_size":0,"ocean_menu_typo_font_size_tablet":0,"ocean_menu_typo_font_size_mobile":0,"ocean_menu_typo_font_size_unit":"px","ocean_menu_typo_font_weight":"","ocean_menu_typo_font_weight_tablet":"","ocean_menu_typo_font_weight_mobile":"","ocean_menu_typo_transform":"","ocean_menu_typo_transform_tablet":"","ocean_menu_typo_transform_mobile":"","ocean_menu_typo_line_height":0,"ocean_menu_typo_line_height_tablet":0,"ocean_menu_typo_line_height_mobile":0,"ocean_menu_typo_line_height_unit":"","ocean_menu_typo_spacing":0,"ocean_menu_typo_spacing_tablet":0,"ocean_menu_typo_spacing_mobile":0,"ocean_menu_typo_spacing_unit":"","ocean_menu_link_color":"","ocean_menu_link_color_hover":"","ocean_menu_link_color_active":"","ocean_menu_link_background":"","ocean_menu_link_hover_background":"","ocean_menu_link_active_background":"","ocean_menu_social_links_bg":"","ocean_menu_social_hover_links_bg":"","ocean_menu_social_links_color":"","ocean_menu_social_hover_links_color":"","ocean_disable_title":"default","ocean_disable_heading":"default","ocean_post_title":"","ocean_post_subheading":"","ocean_post_title_style":"","ocean_post_title_background_color":"","ocean_post_title_background":0,"ocean_post_title_bg_image_position":"","ocean_post_title_bg_image_attachment":"","ocean_post_title_bg_image_repeat":"","ocean_post_title_bg_image_size":"","ocean_post_title_height":0,"ocean_post_title_bg_overlay":0.5,"ocean_post_title_bg_overlay_color":"","ocean_disable_breadcrumbs":"default","ocean_breadcrumbs_color":"","ocean_breadcrumbs_separator_color":"","ocean_breadcrumbs_links_color":"","ocean_breadcrumbs_links_hover_color":"","ocean_display_footer_widgets":"default","ocean_display_footer_bottom":"default","ocean_custom_footer_template":"","footnotes":""},"class_list":["post-29","page","type-page","status-publish","hentry","entry"],"yoast_head":"<!-- This site is optimized with the Yoast SEO plugin v26.2 - https:\/\/yoast.com\/wordpress\/plugins\/seo\/ -->\n<title>S\u00e9ances en groupe - Vanessa Guillou<\/title>\n<meta name=\"description\" content=\"Je propose \u00e9galement des ateliers en groupe et des interventions en structure.\" \/>\n<meta name=\"robots\" content=\"index, follow, max-snippet:-1, max-image-preview:large, max-video-preview:-1\" \/>\n<link rel=\"canonical\" href=\"https:\/\/www.vanessaguillou.fr\/index.php\/workshops\/\" \/>\n<meta property=\"og:locale\" content=\"fr_FR\" \/>\n<meta property=\"og:type\" content=\"article\" \/>\n<meta property=\"og:title\" content=\"S\u00e9ances en groupe - Vanessa Guillou\" \/>\n<meta property=\"og:description\" content=\"Je propose \u00e9galement des ateliers en groupe et des interventions en structure.\" \/>\n<meta property=\"og:url\" content=\"https:\/\/www.vanessaguillou.fr\/index.php\/workshops\/\" \/>\n<meta property=\"og:site_name\" content=\"Vanessa Guillou\" \/>\n<meta property=\"article:publisher\" content=\"https:\/\/www.facebook.com\/VanessaGuillouDieteticienneNutritionniste\" \/>\n<meta property=\"article:modified_time\" content=\"2025-01-09T10:55:47+00:00\" \/>\n<meta property=\"og:image\" content=\"https:\/\/www.vanessaguillou.fr\/wp-content\/uploads\/2024\/06\/1ca865ad-7058-4024-8190-f37982fb2487.jpg\" \/>\n\t<meta property=\"og:image:width\" content=\"1024\" \/>\n\t<meta property=\"og:image:height\" content=\"1024\" \/>\n\t<meta property=\"og:image:type\" content=\"image\/jpeg\" \/>\n<meta name=\"twitter:card\" content=\"summary_large_image\" \/>\n<meta name=\"twitter:label1\" content=\"Dur\u00e9e de lecture estim\u00e9e\" \/>\n\t<meta name=\"twitter:data1\" content=\"3 minutes\" \/>\n<script type=\"application\/ld+json\" class=\"yoast-schema-graph\">{\"@context\":\"https:\/\/schema.org\",\"@graph\":[{\"@type\":\"WebPage\",\"@id\":\"https:\/\/www.vanessaguillou.fr\/index.php\/workshops\/\",\"url\":\"https:\/\/www.vanessaguillou.fr\/index.php\/workshops\/\",\"name\":\"S\u00e9ances en groupe - Vanessa Guillou\",\"isPartOf\":{\"@id\":\"https:\/\/www.vanessaguillou.fr\/#website\"},\"primaryImageOfPage\":{\"@id\":\"https:\/\/www.vanessaguillou.fr\/index.php\/workshops\/#primaryimage\"},\"image\":{\"@id\":\"https:\/\/www.vanessaguillou.fr\/index.php\/workshops\/#primaryimage\"},\"thumbnailUrl\":\"https:\/\/www.vanessaguillou.fr\/wp-content\/uploads\/2024\/06\/1ca865ad-7058-4024-8190-f37982fb2487.jpg\",\"datePublished\":\"2024-05-14T07:16:51+00:00\",\"dateModified\":\"2025-01-09T10:55:47+00:00\",\"description\":\"Je propose \u00e9galement des ateliers en groupe et des interventions en structure.\",\"breadcrumb\":{\"@id\":\"https:\/\/www.vanessaguillou.fr\/index.php\/workshops\/#breadcrumb\"},\"inLanguage\":\"fr-FR\",\"potentialAction\":[{\"@type\":\"ReadAction\",\"target\":[\"https:\/\/www.vanessaguillou.fr\/index.php\/workshops\/\"]}]},{\"@type\":\"ImageObject\",\"inLanguage\":\"fr-FR\",\"@id\":\"https:\/\/www.vanessaguillou.fr\/index.php\/workshops\/#primaryimage\",\"url\":\"https:\/\/www.vanessaguillou.fr\/wp-content\/uploads\/2024\/06\/1ca865ad-7058-4024-8190-f37982fb2487.jpg\",\"contentUrl\":\"https:\/\/www.vanessaguillou.fr\/wp-content\/uploads\/2024\/06\/1ca865ad-7058-4024-8190-f37982fb2487.jpg\",\"width\":1024,\"height\":1024},{\"@type\":\"BreadcrumbList\",\"@id\":\"https:\/\/www.vanessaguillou.fr\/index.php\/workshops\/#breadcrumb\",\"itemListElement\":[{\"@type\":\"ListItem\",\"position\":1,\"name\":\"Accueil\",\"item\":\"https:\/\/www.vanessaguillou.fr\/\"},{\"@type\":\"ListItem\",\"position\":2,\"name\":\"S\u00e9ances en groupe\"}]},{\"@type\":\"WebSite\",\"@id\":\"https:\/\/www.vanessaguillou.fr\/#website\",\"url\":\"https:\/\/www.vanessaguillou.fr\/\",\"name\":\"Vanessa Guillou, Di\u00e9t\u00e9ticienne nutrionniste\",\"description\":\"Di\u00e9t\u00e9ticienne nutrionniste \u00e0 Plouhinec, Cap Sizun, Finist\u00e8re\",\"publisher\":{\"@id\":\"https:\/\/www.vanessaguillou.fr\/#organization\"},\"alternateName\":\"Vanessa Guillou\",\"potentialAction\":[{\"@type\":\"SearchAction\",\"target\":{\"@type\":\"EntryPoint\",\"urlTemplate\":\"https:\/\/www.vanessaguillou.fr\/?s={search_term_string}\"},\"query-input\":{\"@type\":\"PropertyValueSpecification\",\"valueRequired\":true,\"valueName\":\"search_term_string\"}}],\"inLanguage\":\"fr-FR\"},{\"@type\":\"Organization\",\"@id\":\"https:\/\/www.vanessaguillou.fr\/#organization\",\"name\":\"Vanessa Guillou di\u00e9t\u00e9ticienne nutritionniste\",\"alternateName\":\"Vanessa Guillou Diet 29\",\"url\":\"https:\/\/www.vanessaguillou.fr\/\",\"logo\":{\"@type\":\"ImageObject\",\"inLanguage\":\"fr-FR\",\"@id\":\"https:\/\/www.vanessaguillou.fr\/#\/schema\/logo\/image\/\",\"url\":\"https:\/\/www.vanessaguillou.fr\/wp-content\/uploads\/2024\/07\/cropped-LOGO-rectangle-avec-Titre-scaled-1.jpg\",\"contentUrl\":\"https:\/\/www.vanessaguillou.fr\/wp-content\/uploads\/2024\/07\/cropped-LOGO-rectangle-avec-Titre-scaled-1.jpg\",\"width\":2559,\"height\":702,\"caption\":\"Vanessa Guillou di\u00e9t\u00e9ticienne nutritionniste\"},\"image\":{\"@id\":\"https:\/\/www.vanessaguillou.fr\/#\/schema\/logo\/image\/\"},\"sameAs\":[\"https:\/\/www.facebook.com\/VanessaGuillouDieteticienneNutritionniste\"]}]}<\/script>\n<!-- \/ Yoast SEO plugin. -->","yoast_head_json":{"title":"S\u00e9ances en groupe - Vanessa Guillou","description":"Je propose \u00e9galement des ateliers en groupe et des interventions en structure.","robots":{"index":"index","follow":"follow","max-snippet":"max-snippet:-1","max-image-preview":"max-image-preview:large","max-video-preview":"max-video-preview:-1"},"canonical":"https:\/\/www.vanessaguillou.fr\/index.php\/workshops\/","og_locale":"fr_FR","og_type":"article","og_title":"S\u00e9ances en groupe - Vanessa Guillou","og_description":"Je propose \u00e9galement des ateliers en groupe et des interventions en structure.","og_url":"https:\/\/www.vanessaguillou.fr\/index.php\/workshops\/","og_site_name":"Vanessa Guillou","article_publisher":"https:\/\/www.facebook.com\/VanessaGuillouDieteticienneNutritionniste","article_modified_time":"2025-01-09T10:55:47+00:00","og_image":[{"width":1024,"height":1024,"url":"https:\/\/www.vanessaguillou.fr\/wp-content\/uploads\/2024\/06\/1ca865ad-7058-4024-8190-f37982fb2487.jpg","type":"image\/jpeg"}],"twitter_card":"summary_large_image","twitter_misc":{"Dur\u00e9e de lecture estim\u00e9e":"3 minutes"},"schema":{"@context":"https:\/\/schema.org","@graph":[{"@type":"WebPage","@id":"https:\/\/www.vanessaguillou.fr\/index.php\/workshops\/","url":"https:\/\/www.vanessaguillou.fr\/index.php\/workshops\/","name":"S\u00e9ances en groupe - Vanessa Guillou","isPartOf":{"@id":"https:\/\/www.vanessaguillou.fr\/#website"},"primaryImageOfPage":{"@id":"https:\/\/www.vanessaguillou.fr\/index.php\/workshops\/#primaryimage"},"image":{"@id":"https:\/\/www.vanessaguillou.fr\/index.php\/workshops\/#primaryimage"},"thumbnailUrl":"https:\/\/www.vanessaguillou.fr\/wp-content\/uploads\/2024\/06\/1ca865ad-7058-4024-8190-f37982fb2487.jpg","datePublished":"2024-05-14T07:16:51+00:00","dateModified":"2025-01-09T10:55:47+00:00","description":"Je propose \u00e9galement des ateliers en groupe et des interventions en structure.","breadcrumb":{"@id":"https:\/\/www.vanessaguillou.fr\/index.php\/workshops\/#breadcrumb"},"inLanguage":"fr-FR","potentialAction":[{"@type":"ReadAction","target":["https:\/\/www.vanessaguillou.fr\/index.php\/workshops\/"]}]},{"@type":"ImageObject","inLanguage":"fr-FR","@id":"https:\/\/www.vanessaguillou.fr\/index.php\/workshops\/#primaryimage","url":"https:\/\/www.vanessaguillou.fr\/wp-content\/uploads\/2024\/06\/1ca865ad-7058-4024-8190-f37982fb2487.jpg","contentUrl":"https:\/\/www.vanessaguillou.fr\/wp-content\/uploads\/2024\/06\/1ca865ad-7058-4024-8190-f37982fb2487.jpg","width":1024,"height":1024},{"@type":"BreadcrumbList","@id":"https:\/\/www.vanessaguillou.fr\/index.php\/workshops\/#breadcrumb","itemListElement":[{"@type":"ListItem","position":1,"name":"Accueil","item":"https:\/\/www.vanessaguillou.fr\/"},{"@type":"ListItem","position":2,"name":"S\u00e9ances en groupe"}]},{"@type":"WebSite","@id":"https:\/\/www.vanessaguillou.fr\/#website","url":"https:\/\/www.vanessaguillou.fr\/","name":"Vanessa Guillou, Di\u00e9t\u00e9ticienne nutrionniste","description":"Di\u00e9t\u00e9ticienne nutrionniste \u00e0 Plouhinec, Cap Sizun, Finist\u00e8re","publisher":{"@id":"https:\/\/www.vanessaguillou.fr\/#organization"},"alternateName":"Vanessa Guillou","potentialAction":[{"@type":"SearchAction","target":{"@type":"EntryPoint","urlTemplate":"https:\/\/www.vanessaguillou.fr\/?s={search_term_string}"},"query-input":{"@type":"PropertyValueSpecification","valueRequired":true,"valueName":"search_term_string"}}],"inLanguage":"fr-FR"},{"@type":"Organization","@id":"https:\/\/www.vanessaguillou.fr\/#organization","name":"Vanessa Guillou di\u00e9t\u00e9ticienne nutritionniste","alternateName":"Vanessa Guillou Diet 29","url":"https:\/\/www.vanessaguillou.fr\/","logo":{"@type":"ImageObject","inLanguage":"fr-FR","@id":"https:\/\/www.vanessaguillou.fr\/#\/schema\/logo\/image\/","url":"https:\/\/www.vanessaguillou.fr\/wp-content\/uploads\/2024\/07\/cropped-LOGO-rectangle-avec-Titre-scaled-1.jpg","contentUrl":"https:\/\/www.vanessaguillou.fr\/wp-content\/uploads\/2024\/07\/cropped-LOGO-rectangle-avec-Titre-scaled-1.jpg","width":2559,"height":702,"caption":"Vanessa Guillou di\u00e9t\u00e9ticienne nutritionniste"},"image":{"@id":"https:\/\/www.vanessaguillou.fr\/#\/schema\/logo\/image\/"},"sameAs":["https:\/\/www.facebook.com\/VanessaGuillouDieteticienneNutritionniste"]}]}},"jetpack_sharing_enabled":true,"_links":{"self":[{"href":"https:\/\/www.vanessaguillou.fr\/index.php\/wp-json\/wp\/v2\/pages\/29","targetHints":{"allow":["GET"]}}],"collection":[{"href":"https:\/\/www.vanessaguillou.fr\/index.php\/wp-json\/wp\/v2\/pages"}],"about":[{"href":"https:\/\/www.vanessaguillou.fr\/index.php\/wp-json\/wp\/v2\/types\/page"}],"author":[{"embeddable":true,"href":"https:\/\/www.vanessaguillou.fr\/index.php\/wp-json\/wp\/v2\/users\/1"}],"replies":[{"embeddable":true,"href":"https:\/\/www.vanessaguillou.fr\/index.php\/wp-json\/wp\/v2\/comments?post=29"}],"version-history":[{"count":50,"href":"https:\/\/www.vanessaguillou.fr\/index.php\/wp-json\/wp\/v2\/pages\/29\/revisions"}],"predecessor-version":[{"id":388,"href":"https:\/\/www.vanessaguillou.fr\/index.php\/wp-json\/wp\/v2\/pages\/29\/revisions\/388"}],"wp:attachment":[{"href":"https:\/\/www.vanessaguillou.fr\/index.php\/wp-json\/wp\/v2\/media?parent=29"}],"curies":[{"name":"wp","href":"https:\/\/api.w.org\/{rel}","templated":true}]}}